{"id":47,"date":"2014-01-31T21:22:22","date_gmt":"2014-01-31T20:22:22","guid":{"rendered":"http:\/\/brandbergenstrafikskola.se\/wp\/?page_id=47"},"modified":"2014-02-13T22:20:15","modified_gmt":"2014-02-13T21:20:15","slug":"korlektioner","status":"publish","type":"page","link":"https:\/\/bratrafik.se\/?page_id=47","title":{"rendered":"K\u00f6rlektioner"},"content":{"rendered":"<p>F\u00f6r dina k\u00f6rlektioner har vi\u00a0 en v\u00e4lbepr\u00f6vad effektiv undervisningsplan som anger k\u00f6rutbildningens\u00a0 tillv\u00e4gag\u00e5ngss\u00e4tt steg f\u00f6r steg. Denna best\u00e5r av de tre huvudblocken\u00a0 grundl\u00e4ggande man\u00f6vrering av bilen, stadstrafik och landsv\u00e4gsk\u00f6rning.<\/p>\n<h3>Nyb\u00f6rjare<\/h3>\n<p>H\u00e4r \u00e4r det viktigt att l\u00e4gga stor vikt vid att den\u00a0 grundl\u00e4ggande man\u00f6vreringen av bilen blir s\u00e4ker och k\u00e4nns bekv\u00e4m. Att g\u00e5 f\u00f6r\u00a0 fort fram med grunderna orsakar vanligtvis att den fortsatta utbildningen blir\u00a0 mindre effektiv och tar on\u00f6digt l\u00e5ng tid.<\/p>\n<h3>Du med tidigare\u00a0 k\u00f6rerfarenhet<\/h3>\n<p>H\u00e4r k\u00f6r vi f\u00f6rst en testlektion f\u00f6r att fastst\u00e4lla din\u00a0 kunskapsniv\u00e5 som sedan ligger till grund f\u00f6r den fortsatta utbildningen. Detta\u00a0 inneb\u00e4r att den fortsatta tr\u00e4ningen baseras p\u00e5 vad som beh\u00f6ver tr\u00e4nas\u00a0 ytterligare och medf\u00f6r d\u00e4rf\u00f6r en kortare utbildningstid.<\/p>\n<h3>K\u00f6rningen<\/h3>\n<p>En individuell\u00a0 planering g\u00f6rs sedan alltid f\u00f6r dig, utifr\u00e5n din kunskapsniv\u00e5 och dina\u00a0 personliga m\u00f6jligheter med tider att kunna k\u00f6ra.<br \/>\nHar du m\u00f6jlighet att\u00a0 m\u00e4ngdtr\u00e4na bilk\u00f6rning privat \u00e4r det effektivt att du l\u00e4r dig momenten p\u00e5\u00a0 trafikskolan och m\u00e4ngdtr\u00e4nar dessa privat. Din handledare kan g\u00e4rna \u00e5ka med p\u00e5\u00a0 dina k\u00f6rlektioner f\u00f6r att se vad som skall tr\u00e4nas.<\/p>\n<h3>Intensivutbildning<\/h3>\n<p>Intensivutbildning erbjuds dig som vill ta\u00a0 k\u00f6rkort snabbast m\u00f6jligt med ett koncentrerat utbildningsprogram (<a href=\"http:\/\/bratrafik.se\/?page_id=49\">se\u00a0 intensivutbildning<\/a>).<\/p>\n<p>Bokning\/avbokning k\u00f6rlektioner<br \/>\nBokning av k\u00f6rlektion\u00a0 sker enklast genom att kontakta oss p\u00e5 telefon eller p\u00e5 plats under kontorstid\u00a0 (<a href=\"http:\/\/bratrafik.se\/?page_id=27\">se\u00a0 kontakt<\/a>).<\/p>\n<p>Avbokning av k\u00f6rlektion skall ske senast klockan 13:00\u00a0 vardagen innan.<\/p>\n","protected":false},"excerpt":{"rendered":"<p>F\u00f6r dina k\u00f6rlektioner har vi\u00a0 en v\u00e4lbepr\u00f6vad effektiv undervisningsplan som anger k\u00f6rutbildningens\u00a0 tillv\u00e4gag\u00e5ngss\u00e4tt steg f\u00f6r steg. Denna best\u00e5r av de tre huvudblocken\u00a0 grundl\u00e4ggande man\u00f6vrering av bilen, stadstrafik och landsv\u00e4gsk\u00f6rning. Nyb\u00f6rjare H\u00e4r \u00e4r det viktigt att l\u00e4gga stor vikt vid att den\u00a0 grundl\u00e4ggande man\u00f6vreringen av bilen blir s\u00e4ker och k\u00e4nns bekv\u00e4m.\u2026<\/p>\n<p class=\"continue-reading-button\"> <a class=\"continue-reading-link\" href=\"https:\/\/bratrafik.se\/?page_id=47\">Continue reading<i class=\"crycon-right-dir\"><\/i><\/a><\/p>\n","protected":false},"author":1,"featured_media":0,"parent":0,"menu_order":0,"comment_status":"closed","ping_status":"closed","template":"","meta":[],"_links":{"self":[{"href":"https:\/\/bratrafik.se\/index.php?rest_route=\/wp\/v2\/pages\/47"}],"collection":[{"href":"https:\/\/bratrafik.se\/index.php?rest_route=\/wp\/v2\/pages"}],"about":[{"href":"https:\/\/bratrafik.se\/index.php?rest_route=\/wp\/v2\/types\/page"}],"author":[{"embeddable":true,"href":"https:\/\/bratrafik.se\/index.php?rest_route=\/wp\/v2\/users\/1"}],"replies":[{"embeddable":true,"href":"https:\/\/bratrafik.se\/index.php?rest_route=%2Fwp%2Fv2%2Fcomments&post=47"}],"version-history":[{"count":8,"href":"https:\/\/bratrafik.se\/index.php?rest_route=\/wp\/v2\/pages\/47\/revisions"}],"predecessor-version":[{"id":136,"href":"https:\/\/bratrafik.se\/index.php?rest_route=\/wp\/v2\/pages\/47\/revisions\/136"}],"wp:attachment":[{"href":"https:\/\/bratrafik.se\/index.php?rest_route=%2Fwp%2Fv2%2Fmedia&parent=47"}],"curies":[{"name":"wp","href":"https:\/\/api.w.org\/{rel}","templated":true}]}}